{"id":285,"date":"2014-08-24T17:39:34","date_gmt":"2014-08-24T15:39:34","guid":{"rendered":"http:\/\/tripleace.at\/?page_id=285"},"modified":"2021-12-26T14:35:11","modified_gmt":"2021-12-26T12:35:11","slug":"press-release","status":"publish","type":"page","link":"https:\/\/tripleace.at\/?page_id=285","title":{"rendered":"PRESS RELEASE"},"content":{"rendered":"<h2><span style=\"color: #808080;\">Concerto Magazin Dec 2021 <\/span>\u00a0&#8211; COVERSTORY<\/h2>\n<h5>Dec 01, 2021<\/h5>\n<h2>triple <span style=\"color: #ff0000;\">ace<\/span> triple<\/h2>\n<p><img loading=\"lazy\" decoding=\"async\" class=\"alignnone size-medium wp-image-1939\" src=\"http:\/\/tripleace.at\/wp-content\/uploads\/2021\/11\/Cover_Concerto_12-21-212x300.jpeg\" alt=\"\" width=\"212\" height=\"300\" srcset=\"https:\/\/tripleace.at\/wp-content\/uploads\/2021\/11\/Cover_Concerto_12-21-212x300.jpeg 212w, https:\/\/tripleace.at\/wp-content\/uploads\/2021\/11\/Cover_Concerto_12-21-724x1024.jpeg 724w, https:\/\/tripleace.at\/wp-content\/uploads\/2021\/11\/Cover_Concerto_12-21-106x150.jpeg 106w, https:\/\/tripleace.at\/wp-content\/uploads\/2021\/11\/Cover_Concerto_12-21-768x1086.jpeg 768w, https:\/\/tripleace.at\/wp-content\/uploads\/2021\/11\/Cover_Concerto_12-21-1086x1536.jpeg 1086w, https:\/\/tripleace.at\/wp-content\/uploads\/2021\/11\/Cover_Concerto_12-21-1448x2048.jpeg 1448w, https:\/\/tripleace.at\/wp-content\/uploads\/2021\/11\/Cover_Concerto_12-21-scaled.jpeg 1810w\" sizes=\"auto, (max-width: 212px) 100vw, 212px\" \/><\/p>\n<h3><img loading=\"lazy\" decoding=\"async\" class=\"alignnone size-medium wp-image-1941\" src=\"http:\/\/tripleace.at\/wp-content\/uploads\/2021\/11\/Seite-16-und-17-300x214.jpeg\" alt=\"\" width=\"300\" height=\"214\" srcset=\"https:\/\/tripleace.at\/wp-content\/uploads\/2021\/11\/Seite-16-und-17-300x214.jpeg 300w, https:\/\/tripleace.at\/wp-content\/uploads\/2021\/11\/Seite-16-und-17-1024x731.jpeg 1024w, https:\/\/tripleace.at\/wp-content\/uploads\/2021\/11\/Seite-16-und-17-150x107.jpeg 150w, https:\/\/tripleace.at\/wp-content\/uploads\/2021\/11\/Seite-16-und-17-768x548.jpeg 768w, https:\/\/tripleace.at\/wp-content\/uploads\/2021\/11\/Seite-16-und-17-1536x1096.jpeg 1536w, https:\/\/tripleace.at\/wp-content\/uploads\/2021\/11\/Seite-16-und-17-2048x1461.jpeg 2048w\" sizes=\"auto, (max-width: 300px) 100vw, 300px\" \/> <img loading=\"lazy\" decoding=\"async\" class=\"alignnone size-medium wp-image-1942\" src=\"http:\/\/tripleace.at\/wp-content\/uploads\/2021\/11\/Seite-18-und-19-300x213.jpeg\" alt=\"\" width=\"300\" height=\"213\" srcset=\"https:\/\/tripleace.at\/wp-content\/uploads\/2021\/11\/Seite-18-und-19-300x213.jpeg 300w, https:\/\/tripleace.at\/wp-content\/uploads\/2021\/11\/Seite-18-und-19-1024x728.jpeg 1024w, https:\/\/tripleace.at\/wp-content\/uploads\/2021\/11\/Seite-18-und-19-150x107.jpeg 150w, https:\/\/tripleace.at\/wp-content\/uploads\/2021\/11\/Seite-18-und-19-768x546.jpeg 768w, https:\/\/tripleace.at\/wp-content\/uploads\/2021\/11\/Seite-18-und-19-1536x1092.jpeg 1536w, https:\/\/tripleace.at\/wp-content\/uploads\/2021\/11\/Seite-18-und-19-2048x1456.jpeg 2048w\" sizes=\"auto, (max-width: 300px) 100vw, 300px\" \/><\/h3>\n<h4><span style=\"color: #808080;\"><a style=\"color: #808080;\" href=\"http:\/\/www.concerto.at\/concerto-ausgaben\/ausgabe-62021\/triple-ace\/\" target=\"_blank\" rel=\"noopener\">concerto: triple ace<\/a>\u00a0 \u00a0 \u00a0 \u00a0 \u00a0 \u00a0<\/span> \u00a0 \u00a0 \u00a0 \u00a0 \u00a0 \u00a0 \u00a0 \u00a0 \u00a0 \u00a0 \u00a0 \u00a0 \u00a0 \u00a0 \u00a0 \u00a0 \u00a0 \u00a0 \u00a0 \u00a0 \u00a0 \u00a0 \u00a0 \u00a0 \u00a0 \u00a0 \u00a0 \u00a0 \u00a0 \u00a0 \u00a0 \u00a0 \u00a0 \u00a0 \u00a0 \u00a0 \u00a0 \u00a0 \u00a0 \u00a0 \u00a0 \u00a0 \u00a0 \u00a0 \u00a0 \u00a0 \u00a0 \u00a0 \u00a0 \u00a0 \u00a0 \u00a0 \u00a0 \u00a0 <strong style=\"color: #000000; font-size: inherit; text-align: right;\">\u00a9 Martin Schuster<\/strong><\/h4>\n<div class=\"td-module-meta-info\">\n<div class=\"td-post-author-name\">\n<h5><\/h5>\n<h2><span style=\"color: #808080;\">\u00d61 Radio transmission\/2021 Austria<\/span><span style=\"color: inherit; font-size: 1.95em; font-weight: 600;\">\u00a0<\/span><\/h2>\n<h5>Oct 10, 2021<\/h5>\n<\/div>\n<\/div>\n<h2>triple <span style=\"color: #ff0000;\">ace<\/span> &#8211; <em><span style=\"color: #808080;\">colours in jazz<\/span><\/em><\/h2>\n<h1 class=\"entry-title\">&#8220;Spielr\u00e4ume&#8221; with Johann Kneihs<\/h1>\n<h3>presenting the new <strong>triple ace triple<\/strong> Album<\/h3>\n<p><iframe loading=\"lazy\" title=\"20211021 OE1 Spielr\u00e4ume triple ace triple with Johann Kneihs\" width=\"700\" height=\"394\" src=\"https:\/\/www.youtube.com\/embed\/6GMoAZzuUds?feature=oembed\" frameborder=\"0\" allow=\"accelerometer; autoplay; clipboard-write; encrypted-media; gyroscope; picture-in-picture\" allowfullscreen><\/iframe><\/p>\n<div class=\"td-module-meta-info\">\n<div class=\"td-post-author-name\">\n<p style=\"text-align: right;\"><strong style=\"color: #000000; font-size: inherit; text-align: right;\">\u00a0 \u00a0 \u00a0 \u00a0 \u00a0 \u00a0 \u00a0 \u00a0 \u00a0 \u00a0 \u00a0 \u00a0 \u00a0 \u00a0 \u00a0 \u00a0 \u00a0 \u00a0 \u00a0 \u00a0 \u00a0 \u00a0 \u00a0 \u00a0 \u00a0 \u00a0 \u00a0 \u00a0 \u00a0 \u00a0 \u00a0<\/strong><strong style=\"color: #000000; font-size: inherit; text-align: right;\">\u00a9<\/strong><strong style=\"color: #000000; font-size: inherit; text-align: right;\"> Johann Kneihs<\/strong><\/p>\n<\/div>\n<\/div>\n<h2><\/h2>\n<h2><span style=\"color: #808080;\">Jazzuality.com\/2018 Indonesia<\/span> &#8211; triple <span style=\"color: #ff0000;\">ace<\/span> &#8211; <em><span style=\"color: #808080;\">colours in jazz<\/span><\/em><\/h2>\n<h1 class=\"entry-title\">Ubud Village Jazz Festival 2018 : Day 1 Report<\/h1>\n<div class=\"td-module-meta-info\">\n<div class=\"td-post-author-name\">\n<h5>Aug 10, 2018<\/h5>\n<div class=\"td-author-line\">On the Giri stage, the official opening ceremony took place. The founders and the core team stood there, welcoming and thanking everyone who came, also the lineup for this year.<\/div>\n<div class=\"td-author-line\">Directly after that, Vienna-based trio, <strong>Triple Ace \u2013 Colours in Jazz<\/strong> took their position.<\/div>\n<div><\/div>\n<div><\/div>\n<div><\/div>\n<div><\/div>\n<\/div>\n<\/div>\n<p><a href=\"https:\/\/flic.kr\/p\/27dX1yG\"><img loading=\"lazy\" decoding=\"async\" src=\"https:\/\/live.staticflickr.com\/854\/42153364160_004b26bfaf_z.jpg\" alt=\"UbudVillageJazzFestival2018-TripleAce (1)\" width=\"640\" height=\"426\" \/><\/a><\/p>\n<p>It\u2019s certainly fascinating to have the trio of Oliver Kent (piano), Uli Langthaler (bass) and Dusan Novakov (drum) bring something fresh and energetically exiting. You could see that each player has special ability, then imagine when they join forces. After travelling around the world from USA to Israel, from Russia to Cuba and Mexico, from South Africa to Thailand, Vietnam and Mongolia, now they have arrived in Indonesia, particularly in Bali.<\/p>\n<p>Jazz speaks loud right from the start as the band locked into action, including wicked solo and tradings. Then they waltz in straightahead seamlessly, letting us feel the fine blend between American and European jazz. They also featured the founder, Yuri Mahatma who gave even more dramatic sound with his ellegant guitar playing.<\/p>\n<p><a href=\"https:\/\/flic.kr\/p\/27dX1kL\"><img loading=\"lazy\" decoding=\"async\" src=\"https:\/\/live.staticflickr.com\/931\/42153363410_979d41af0e_z.jpg\" alt=\"UbudVillageJazzFestival2018-TripleAce (5)\" width=\"640\" height=\"426\" \/><\/a><\/p>\n<p>Yes, all of them are strongly related to jazz tradition, you could see that clearly, at least by the way they improvise. You can also see that they are open minded in creating their compositions. Elegant but playful, sticking to jazz tradition but somehow still feels contemporary. The name says it right. Triple Ace \u2013 that\u2019s they are, and Colours in Jazz \u2013 that\u2019s what they do.<\/p>\n<p style=\"text-align: right;\"><strong>\u00a9 Riandy Kurniawan<\/strong><\/p>\n<h2><span style=\"color: #808080;\">Metro TV\/2018 Indonesia<\/span>\u00a0&#8211; triple <span style=\"color: #ff0000;\">ace<\/span> &#8211;\u00a0 <span style=\"color: #808080;\"><em>colours in jazz<\/em><\/span><\/h2>\n<h5>Aug 08, 2018<\/h5>\n<p>https:\/\/youtu.be\/sYi1NC7AbJc<\/p>\n<h2><span style=\"color: #808080;\">The Concierge Asia\u00a0\/2018<\/span> &#8211;\u00a0 triple <span style=\"color: #ff0000;\">ace<\/span> &#8211;\u00a0 <span style=\"color: #808080;\"><em>colours in jazz<\/em><\/span><\/h2>\n<h5><strong>Aug\u00a010, 2018<\/strong><\/h5>\n<div id=\"comp-j2r20nsc_SinglePostMediaTop_MediaPost__0_0_titlerichTextContainer\" class=\"s_usaAWRichTextClickableSkin_richTextContainer s_usaAWRichTextClickableSkinrichTextContainer\">\n<h1 class=\"font_8\"><strong>Austrian Jazz Band Enlivened Road to TPJBF 2018<\/strong><\/h1>\n<\/div>\n<div id=\"comp-j2r20nsc_SinglePostMediaTop_MediaPost__0_0_def_15\" class=\" flex_vbox\">\n<div id=\"comp-j2r20nsc_SinglePostMediaTop_MediaPost__0_0_author\" class=\"label s_usaAWRichTextClickableSkin\" data-packed=\"false\">\n<div id=\"comp-j2r20nsc_SinglePostMediaTop_MediaPost__0_0_authorrichTextContainer\" class=\"s_usaAWRichTextClickableSkin_richTextContainer s_usaAWRichTextClickableSkinrichTextContainer\">\n<p class=\"font_9\"><img decoding=\"async\" id=\"innercomp_txtMedia18wtimgimage\" src=\"https:\/\/static.wixstatic.com\/media\/42242b_fd11798f7c5d4d07b95321c8b343e635~mv2.jpg\/v1\/fill\/w_551,h_367,al_c,q_80,usm_0.66_1.00_0.01\/42242b_fd11798f7c5d4d07b95321c8b343e635~mv2.jpg\" alt=\"\" data-type=\"image\" \/><\/p>\n<\/div>\n<\/div>\n<\/div>\n<div id=\"comp-j2r20nsc_SinglePostMediaTop_MediaPost__0_0__type_MediaPost\" class=\" flex_vbox\">\n<div id=\"5b6cf14f6f8a3e52dd7fb2d6comp-j2r20nsc_SinglePostMediaTop_MediaPost__0_0_mediaText\" class=\"s_usaAWRichTextClickableSkin\" data-packed=\"false\" data-width=\"630\" data-proxy-name=\"MediaLabel\">\n<div id=\"5b6cf14f6f8a3e52dd7fb2d6comp-j2r20nsc_SinglePostMediaTop_MediaPost__0_0_mediaTextrichTextContainer\" class=\"s_usaAWRichTextClickableSkin_richTextContainer s_usaAWRichTextClickableSkinrichTextContainer\">\n<p class=\"font_8\">Austrian jazz band enlivened the road to The Papandayan Jazz Bandung Festival (TPJBF) 2018 last Tuesday, August 7, 2018. The event that took place at TP Stage &#8211; The Papandayan presented Triple Ace &#8211; colors in jazz.<\/p>\n<p class=\"font_8\">Triple Ace &#8211; colors in jazz is a jazz group from Vienna, Austria. The group consists of Oliver Kent on the piano, Uli Langthaler on bass and Dusan Novakov on drums. Triple Ace &#8211; colors in jazz has previously played at jazz festivals throughout Europe as well as at international jazz festivals in the United States, Cuba, Israel, China, Vietnam, Thailand, Indonesia, Russia, Mongolia, Mexico, Tunesia, Ukraine and South Africa.<\/p>\n<p class=\"font_8\">At 8 pm TP Stage is full of jazz musicians who look forward to Triple Ace&#8217;s appearance &#8211; colors in jazz. Before entering the main event, Blues Libre appeared as the opening band and their performance managed to heat up the TP Stage last night.<\/p>\n<p class=\"font_8\"><img decoding=\"async\" id=\"innercomp_txtMediaeqlimgimage\" src=\"https:\/\/static.wixstatic.com\/media\/42242b_dd1b2dab6a5d451cbfb75fcb4d640ce4~mv2.jpg\/v1\/fill\/w_567,h_378,al_c,lg_1,q_80\/42242b_dd1b2dab6a5d451cbfb75fcb4d640ce4~mv2.jpg\" alt=\"\" data-type=\"image\" \/><\/p>\n<p class=\"font_8\">Exactly at 9 pm, R. Bobby Renaldi as the General Manager of The Papandayan and Jimmy as representatives of the Indonesia Jazz &amp; Blues Club (IJBC) opened the road to TPJBF. The program continued with the Triple Ace performance &#8211; a long awaited in-jazz presentation. On this occasion they performed 5 songs from their own arrangement.<\/p>\n<p class=\"font_8\">The TP Stage was getting warmer with Triple Ace &#8211; colors in jazz. They looked stunning with their composition, improvisation and unique style of music. The combination of contemporary and popular jazz elements they successfully brought elegantly and successfully spoiled the ears of the audience.<\/p>\n<\/div>\n<\/div>\n<\/div>\n<p style=\"text-align: right;\"><span style=\"color: #000000;\"><strong>\u00a9 Nino Svetlan<\/strong><\/span><\/p>\n<h2><span style=\"color: #808080;\">Kleine Zeitung Klagenfurt\u00a0\/2018<\/span> &#8211;\u00a0 triple <span style=\"color: #ff0000;\">ace<\/span> &#8211;\u00a0 <span style=\"color: #999999;\"><em>colours in jazz<\/em><\/span><\/h2>\n<h5><strong>Jan\u00a021, 2018<\/strong><\/h5>\n<p><img loading=\"lazy\" decoding=\"async\" class=\"aligncenter wp-image-1542 size-full\" src=\"http:\/\/tripleace.at\/wp-content\/uploads\/2018\/02\/2018_Kleine-Zeitung-Klagenfurt.jpg\" alt=\"\" width=\"754\" height=\"636\" srcset=\"https:\/\/tripleace.at\/wp-content\/uploads\/2018\/02\/2018_Kleine-Zeitung-Klagenfurt.jpg 754w, https:\/\/tripleace.at\/wp-content\/uploads\/2018\/02\/2018_Kleine-Zeitung-Klagenfurt-150x127.jpg 150w, https:\/\/tripleace.at\/wp-content\/uploads\/2018\/02\/2018_Kleine-Zeitung-Klagenfurt-300x253.jpg 300w\" sizes=\"auto, (max-width: 754px) 100vw, 754px\" \/><\/p>\n<h2 style=\"text-align: left;\"><span style=\"color: #ff0000;\"><span style=\"color: #000000;\"><span style=\"color: #333333;\"><span style=\"color: #808080;\">music austria\u00a0\/2017<\/span> &#8211;<\/span>\u00a0 triple<\/span> ace <span style=\"color: #000000;\">&#8211;\u00a0 <em><span style=\"color: #808080;\">colours in jazz<\/span><\/em><\/span><\/span><\/h2>\n<h5><strong><span style=\"color: #000000;\">Jan\u00a015, 2017<\/span><\/strong><\/h5>\n<h2>Dynamisch, gediegen und richtig sch\u00f6n smooth<\/h2>\n<p><em>Was die unglaublich leichtf\u00fc\u00dfig aufspielende Truppe in exzellenter Art und mit wunderbar melodischem Drive darbietet, ist ein \u00fcberaus bunter musikalischer Mix aus den unterschiedlichen Spielarten des Jazz und anderen Genres. Sogar Elemente aus der Popmusik finden da und dort in dezenter Form Eingang in den Sound des Dreiergespanns. Dieser offene Zugang spiegelt sich klarerweise auch in der Sprache dieser Formation wider. Die Eigenkompositionen wie auch die sehr gelungenen Neubearbeitungen von Klassikern der Jazzgeschichte offenbaren sich als Ausdruck einer gro\u00dfen musikalischen Vielfalt, in der sich Unterschiedlichstes auf sehr kunstvolle und mitrei\u00dfende Art verbindet. Dabei lassen es Oliver Kent und seine beiden Mitstreiter ebenso dynamisch, impulsiv und beschwingt wie auch gediegen, elegant und richtig sch\u00f6n smooth angehen. Gen\u00fcgend Raum l\u00e4sst sich das Trio auch f\u00fcr gelegentliche Improvisationen, was den Grad der Abwechslung des Dargebotenen zus\u00e4tzlich nach oben schraubt.<\/em><\/p>\n<p><em>Zusammenfassend kann man sagen, dass Triple Ace mit \u201eColours in Jazz\u201c ein wirklich starkes St\u00fcck Musik gelungen ist, eines, das von Mal zu Mal mehr und mehr w\u00e4chst und immer wieder mit \u00dcberraschungen aufwartet. Ein richtig sch\u00f6nes musikalisches Erlebnis<\/em>. <a href=\"http:\/\/www.musicaustria.at\/triple-ace-colours-in-jazz\/\" target=\"_blank\" rel=\"noopener\"><span style=\"color: #ff0000;\"><strong>read more<\/strong><\/span><\/a><\/p>\n<p style=\"text-align: right;\"><span style=\"color: #000000;\"><strong><span style=\"font-family: Arial; font-size: small;\">\u00a9 <\/span>Michael Ternai<\/strong><\/span><\/p>\n<h2 style=\"text-align: left;\"><span style=\"color: #ff0000;\"><span style=\"color: #000000;\"><span style=\"color: #333333;\"><span style=\"color: #808080;\">medienhaus bauer\u00a0\/2017<\/span> &#8211;<\/span>\u00a0 triple<\/span> ace <span style=\"color: #000000;\">&#8211;\u00a0 <em><span style=\"color: #808080;\">colours in jazz<\/span><\/em><\/span><\/span><\/h2>\n<h5><strong><span style=\"color: #000000;\">Jan\u00a010, 2017<\/span><\/strong><\/h5>\n<p style=\"text-align: right;\"><img loading=\"lazy\" decoding=\"async\" class=\"size-medium wp-image-1272 aligncenter\" src=\"http:\/\/tripleace.at\/wp-content\/uploads\/2014\/08\/Medienhaus-Bauer-Kultur-10-247x300.jpg\" alt=\"\" width=\"247\" height=\"300\" srcset=\"https:\/\/tripleace.at\/wp-content\/uploads\/2014\/08\/Medienhaus-Bauer-Kultur-10-247x300.jpg 247w, https:\/\/tripleace.at\/wp-content\/uploads\/2014\/08\/Medienhaus-Bauer-Kultur-10-123x150.jpg 123w, https:\/\/tripleace.at\/wp-content\/uploads\/2014\/08\/Medienhaus-Bauer-Kultur-10.jpg 558w\" sizes=\"auto, (max-width: 247px) 100vw, 247px\" \/><span style=\"color: #000000;\"><strong><span style=\"font-family: Arial; font-size: small;\">\u00a9 <\/span>Christoph Giese<\/strong><\/span><\/p>\n<h2 style=\"text-align: left;\"><span style=\"color: #ff0000;\"><span style=\"color: #000000;\"><span style=\"color: #333333;\"><span style=\"color: #808080;\">the kathmandu post\u00a0\/2016<\/span> &#8211;<\/span>\u00a0an evening with triple<\/span> ace <span style=\"color: #000000;\">&#8211;\u00a0 <em><span style=\"color: #808080;\">colours in jazz<\/span><\/em><\/span><\/span><\/h2>\n<h5><span style=\"color: #000000;\">Nov 11, 2016<\/span><\/h5>\n<p><em>`The historic Patan Museum grooved to jazz on Wednesday. The event, Jazz at Patan, saw a performance by the Austrian Band Triple Ace\u2014Colours in Jazz, in collaboration with Kathmandu Jazz Conservatory.\u00a0<\/em><em>The event was part of the Cultural Exchange Concert, supported by the Austrian Cultural Forum in Delhi. The members of the band also gave out a free workshop to local musicians as part of the programme.\u00a0\u00a0<\/em><em>The Triple Ace band members, Erwin Schmidt on Piano, Dusan Novakov on Drums and Uli Langthaler on Bass along with Mariano Abello on Saxophone &amp; Flute and local musicians Rajat Rai on Guitar and Prince Nepali on Sarangi played during the concert.<\/em>\u00a0<em>The Austrian Band performed their own compositions like Jhelum, Punakha, Nelumbo, Kathy and also standard jazz tunes like Someday My Prince will Come, Round Midnight and Oleo&#8230;` <\/em><strong><a href=\"http:\/\/kathmandupost.ekantipur.com\/printedition\/news\/2016-11-11\/an-evening-with-triple-ace.html\" target=\"_blank\" rel=\"noopener\"><span style=\"color: #ff0000;\">read more<\/span><\/a><\/strong><\/p>\n<h2 style=\"text-align: left;\"><span style=\"color: #ff0000;\"><span style=\"color: #000000;\"><span style=\"color: #333333;\"><span style=\"color: #808080;\"><a style=\"color: #808080;\" href=\"http:\/\/www.jazzland.at\/\" target=\"_blank\" rel=\"noopener\">jazzland vienna<\/a> \/2016 &#8211;<\/span>\u00a0<\/span>triple<\/span> ace <span style=\"color: #000000;\">&#8211;\u00a0<\/span><\/span><span style=\"color: #ff0000;\"><span style=\"color: #000000;\">new album\u00a0<span style=\"color: #ff0000;\">faces<\/span><\/span><\/span><\/h2>\n<h5><span style=\"color: #ff0000;\"><span style=\"color: #333333;\">menu\u00a0<\/span>&#8211; <a style=\"color: #ff0000;\" href=\"http:\/\/www.jazzland.at\/akt_cd\/aktcd.htm#CD103\" target=\"_blank\" rel=\"noopener\">aktuelle CD\u00b4s , DVD\u00b4s<\/a><\/span><\/h5>\n<p><span style=\"font-family: Arial; font-size: small;\"><em>&#8220;Oliver Kent p, Uli Langthaler b und Dusan Novakov dm sind seit Jahren feste Bestandteile unserer hervorragenden Szene, jeder f\u00fcr sich ein Meisterk\u00f6nner, jeder wichtiges Mitglied in verschiedenen Bands jeder Gr\u00f6\u00dfenordnung \u2013 und trotzdem: wenn sie im Trio swingen, dann kommt jenes Quentchen an Extraklasse dazu, das nur entsteht, wenn man gemeinsam probt, wenn man im Team jedes Lied neu erarbeitet und man bekommt die ber\u00fchmte Erkenntnis best\u00e4tigt, da\u00df die Summe gr\u00f6\u00dfer sein kann als die einzelnen Messungen \u2013 sicher eine alte Erkenntnis, die aber immer wieder in Erinnerung gerufen werden soll. Eine tolle Band, eine tolle CD, eine wertvolle Erg\u00e4nzung f\u00fcr jede Sammlung! &#8220;<\/em> \u00a0\u00a0\u00a0\u00a0\u00a0<\/span><\/p>\n<p style=\"text-align: right;\"><span style=\"font-family: Arial; font-size: small;\"> <strong>\u00a9 <span style=\"color: #000000;\">Axel Melhardt, Jazzland Vienna<\/span><\/strong><\/span><\/p>\n<h2 style=\"text-align: left;\"><span style=\"color: #ff0000;\"><span style=\"color: #000000;\"><span style=\"color: #333333;\"><span style=\"color: #808080;\"><a style=\"color: #808080;\" href=\"http:\/\/www.concerto.at\/134\/\" target=\"_blank\" rel=\"noopener\">concerto magazine <\/a>3\u00a0\/2016<\/span> &#8211;<\/span>\u00a0triple<\/span> <span style=\"color: #ff0000;\">ace <span style=\"color: #000000;\">&#8211;\u00a0 new album\u00a0<span style=\"color: #ff0000;\">faces<\/span><\/span><\/span><\/span><\/h2>\n<h5><span style=\"color: #ff0000;\"><span style=\"color: #333333;\">page 69\u00a0<\/span>&#8211; <a style=\"color: #ff0000;\" href=\"http:\/\/www.concerto.at\/rezensions-archiv\/?tx_sysfirecdlist_pi1%5BshowUid%5D=17711&amp;cHash=6e06f376cd9460bfdc761fb4b1c35912\" target=\"_blank\" rel=\"noopener\">jazz Austria<\/a><\/span><\/h5>\n<p><img loading=\"lazy\" decoding=\"async\" class=\"aligncenter wp-image-1111 size-large\" src=\"http:\/\/tripleace.at\/wp-content\/uploads\/2014\/08\/Concerto-3-2016-Seite-69_cut-320x1024.jpg\" alt=\"Concerto 3-2016 Seite 69_cut\" width=\"320\" height=\"1024\" srcset=\"https:\/\/tripleace.at\/wp-content\/uploads\/2014\/08\/Concerto-3-2016-Seite-69_cut-320x1024.jpg 320w, https:\/\/tripleace.at\/wp-content\/uploads\/2014\/08\/Concerto-3-2016-Seite-69_cut-47x150.jpg 47w, https:\/\/tripleace.at\/wp-content\/uploads\/2014\/08\/Concerto-3-2016-Seite-69_cut-94x300.jpg 94w, https:\/\/tripleace.at\/wp-content\/uploads\/2014\/08\/Concerto-3-2016-Seite-69_cut.jpg 537w\" sizes=\"auto, (max-width: 320px) 100vw, 320px\" \/><\/p>\n<h2 style=\"text-align: right;\">\u00a0<strong><span style=\"font-family: Arial;\"><span style=\"font-size: small;\">\u00a9 <\/span><span style=\"color: #000000;\"><span style=\"font-size: small;\">Martin Schuster,\u00a0Concerto <\/span><\/span><\/span><\/strong><\/h2>\n<h2 style=\"text-align: left;\"><span style=\"color: #ff0000;\"><span style=\"color: #808080;\">Passau Neue Presse 05\/2015 &#8211;<\/span> <span style=\"color: #000000;\">triple<\/span> <span style=\"color: #ff0000;\">ace<\/span>\u00a0<span style=\"color: #000000;\">at\u00a0<\/span><span style=\"color: #ff0000;\">Caf\u00e9 Museum<\/span><\/span><\/h2>\n<p><img loading=\"lazy\" decoding=\"async\" class=\"alignnone wp-image-1141 size-full\" src=\"http:\/\/tripleace.at\/wp-content\/uploads\/2014\/08\/2015_Artikel-PNP.jpg\" alt=\"2015_Artikel-PNP\" width=\"1175\" height=\"867\" srcset=\"https:\/\/tripleace.at\/wp-content\/uploads\/2014\/08\/2015_Artikel-PNP.jpg 1175w, https:\/\/tripleace.at\/wp-content\/uploads\/2014\/08\/2015_Artikel-PNP-150x111.jpg 150w, https:\/\/tripleace.at\/wp-content\/uploads\/2014\/08\/2015_Artikel-PNP-300x221.jpg 300w, https:\/\/tripleace.at\/wp-content\/uploads\/2014\/08\/2015_Artikel-PNP-768x567.jpg 768w, https:\/\/tripleace.at\/wp-content\/uploads\/2014\/08\/2015_Artikel-PNP-1024x756.jpg 1024w\" sizes=\"auto, (max-width: 1175px) 100vw, 1175px\" \/><\/p>\n<p style=\"text-align: right;\"><strong><span style=\"font-family: Arial;\"><span style=\"font-size: small;\">\u00a9 <\/span><span style=\"color: #000000;\"><span style=\"font-size: small;\">Una Steinleitner,\u00a0PNP<\/span><\/span><\/span><\/strong><\/p>\n<h2><span style=\"color: #808080;\">oe1.ORF.at 01\/2015 &#8211;<\/span>\u00a0<span style=\"color: #000000;\">triple<\/span> <span style=\"color: #ff0000;\">ace<\/span>\u00a0<span style=\"color: #000000;\">at\u00a0<\/span><span style=\"color: #ff0000;\">RadioCaf\u00e9\/ VIENNA<\/span><\/h2>\n<h5>Radio\/\u00d61\u00a0JAZZTIME- 16 januray 2015 19:30\u00a0<span style=\"color: #808080;\"><span style=\"color: #808080;\">\u00a0<a href=\"http:\/\/oe1.orf.at\/programm\/394739\" target=\"_blank\" rel=\"noopener\"><span style=\"color: #ff0000;\">live on air<\/span><\/a><\/span><\/span><\/h5>\n<p style=\"text-align: center;\"><a href=\"http:\/\/tripleace.at\/wp-content\/uploads\/2014\/08\/P1012222_final.jpg\"><img loading=\"lazy\" decoding=\"async\" class=\"alignnone size-medium wp-image-540\" src=\"http:\/\/tripleace.at\/wp-content\/uploads\/2014\/08\/P1012222_final-300x224.jpg\" alt=\"OLYMPUS DIGITAL CAMERA\" width=\"300\" height=\"224\" srcset=\"https:\/\/tripleace.at\/wp-content\/uploads\/2014\/08\/P1012222_final-300x224.jpg 300w, https:\/\/tripleace.at\/wp-content\/uploads\/2014\/08\/P1012222_final-150x112.jpg 150w, https:\/\/tripleace.at\/wp-content\/uploads\/2014\/08\/P1012222_final-1024x767.jpg 1024w\" sizes=\"auto, (max-width: 300px) 100vw, 300px\" \/><\/a><span style=\"color: #808080;\">\u00a0<\/span><\/p>\n<div class=\"abstract minheight-80\" style=\"text-align: center;\">\n<h4>Die hohe Schule des Trios<\/h4>\n<p style=\"text-align: left;\"><span style=\"color: #808080;\">Die Formation <strong><span style=\"color: #000000;\">triple <span style=\"color: #ff0000;\">ace<\/span><\/span> <\/strong>wird zum Spielen und Erz\u00e4hlen geladen. <\/span><span style=\"color: #808080;\">Jeder f\u00fcr sich darf als Meister seines Instruments gelten. <\/span><span style=\"color: #808080;\">Zu dritt brillieren Pianist <strong><span style=\"color: #000000;\">oliver <span style=\"color: #ff0000;\">kent<\/span><\/span><\/strong>, Bassist <strong><span style=\"color: #000000;\">uli <span style=\"color: #ff0000;\">langthaler<\/span><\/span> <\/strong>und Schlagzeuger <strong><span style=\"color: #000000;\">dusan <span style=\"color: #ff0000;\">novakov<\/span><\/span> <\/strong><\/span><span style=\"color: #808080;\">mit Jazz-Standards, Eigenkompositionen und gewitzten Versionen von Popsongs.\u00a0\u00a0\u00a0\u00a0<\/span><\/p>\n<p style=\"text-align: right;\"><span style=\"font-family: Arial;\"><strong><span style=\"font-size: small;\">\u00a9 <\/span><span style=\"color: #000000;\"><span style=\"font-size: small;\">Johann Kneihs,\u00a0OE1<\/span><\/span><\/strong><\/span><\/p>\n<\/div>\n<h2><span style=\"color: #808080;\">Passau Neue Presse 02\/2014 &#8211;\u00a0<\/span><span style=\"color: #000000;\">triple<\/span> <span style=\"color: #ff0000;\">ace<\/span>\u00a0<span style=\"color: #000000;\">at<\/span>\u00a0<span style=\"color: #ff0000;\">Caf\u00e9 Museum<\/span><\/h2>\n<p><img loading=\"lazy\" decoding=\"async\" class=\"alignnone wp-image-301 size-full\" src=\"http:\/\/tripleace.at\/wp-content\/uploads\/2014\/08\/Konzertkritik.jpg\" alt=\"Konzertkritik\" width=\"767\" height=\"509\" srcset=\"https:\/\/tripleace.at\/wp-content\/uploads\/2014\/08\/Konzertkritik.jpg 767w, https:\/\/tripleace.at\/wp-content\/uploads\/2014\/08\/Konzertkritik-150x99.jpg 150w, https:\/\/tripleace.at\/wp-content\/uploads\/2014\/08\/Konzertkritik-300x199.jpg 300w\" sizes=\"auto, (max-width: 767px) 100vw, 767px\" \/><\/p>\n<p style=\"text-align: right;\"><span style=\"color: #000000;\"><span style=\"font-family: Arial;\"><strong><span style=\"font-size: small;\">\u00a9 <\/span><span style=\"font-size: small;\">Christine Pierach,\u00a0PNP<\/span><\/strong><\/span>\u00a0<\/span><\/p>\n<h2 style=\"text-align: left;\"><span style=\"color: #808080;\">JAZZthing\u00a0\u226097\u00a0\/2013 &#8211;<\/span>\u00a0<span style=\"color: #000000;\">triple<\/span> <span style=\"color: #ff0000;\">ace &#8211;\u00a0<span style=\"color: #000000;\">first album\u00a0<span style=\"color: #ff0000;\">triple ace trio<\/span><\/span><\/span><\/h2>\n<p><img loading=\"lazy\" decoding=\"async\" class=\"alignnone wp-image-1142 size-full\" src=\"http:\/\/tripleace.at\/wp-content\/uploads\/2014\/08\/Jazzthing-1.jpg\" alt=\"Jazzthing\" width=\"1427\" height=\"628\" srcset=\"https:\/\/tripleace.at\/wp-content\/uploads\/2014\/08\/Jazzthing-1.jpg 1427w, https:\/\/tripleace.at\/wp-content\/uploads\/2014\/08\/Jazzthing-1-150x66.jpg 150w, https:\/\/tripleace.at\/wp-content\/uploads\/2014\/08\/Jazzthing-1-300x132.jpg 300w, https:\/\/tripleace.at\/wp-content\/uploads\/2014\/08\/Jazzthing-1-768x338.jpg 768w, https:\/\/tripleace.at\/wp-content\/uploads\/2014\/08\/Jazzthing-1-1024x451.jpg 1024w\" sizes=\"auto, (max-width: 1427px) 100vw, 1427px\" \/><\/p>\n<p style=\"text-align: right;\"><strong><span style=\"font-family: Arial;\"><span style=\"font-size: small;\">\u00a9 <\/span><span style=\"color: #000000;\"><span style=\"font-size: small;\">Rolf Thomas,\u00a0JAZZthing<\/span><\/span><\/span><\/strong><\/p>\n","protected":false},"excerpt":{"rendered":"<p>Concerto Magazin Dec 2021 \u00a0&#8211; COVERSTORY Dec 01, 2021 triple ace triple concerto: triple ace\u00a0 \u00a0 \u00a0 \u00a0 \u00a0 \u00a0 \u00a0 \u00a0 \u00a0 \u00a0 \u00a0 \u00a0 \u00a0 \u00a0 \u00a0 \u00a0 \u00a0 \u00a0 \u00a0 \u00a0 \u00a0 \u00a0 \u00a0 \u00a0 \u00a0 \u00a0 \u00a0 \u00a0 \u00a0 \u00a0 \u00a0 \u00a0 \u00a0 \u00a0 \u00a0 \u00a0 \u00a0 \u00a0 \u00a0 \u00a0 \u00a0 &#8230; <span class=\"more\"><a class=\"more-link\" href=\"https:\/\/tripleace.at\/?page_id=285\">[Read more&#8230;]<\/a><\/span><\/p>\n","protected":false},"author":1,"featured_media":0,"parent":45,"menu_order":1,"comment_status":"closed","ping_status":"closed","template":"","meta":{"footnotes":""},"class_list":["entry","page","publish","author-tripleace","post-285"],"_links":{"self":[{"href":"https:\/\/tripleace.at\/index.php?rest_route=\/wp\/v2\/pages\/285","targetHints":{"allow":["GET"]}}],"collection":[{"href":"https:\/\/tripleace.at\/index.php?rest_route=\/wp\/v2\/pages"}],"about":[{"href":"https:\/\/tripleace.at\/index.php?rest_route=\/wp\/v2\/types\/page"}],"author":[{"embeddable":true,"href":"https:\/\/tripleace.at\/index.php?rest_route=\/wp\/v2\/users\/1"}],"replies":[{"embeddable":true,"href":"https:\/\/tripleace.at\/index.php?rest_route=%2Fwp%2Fv2%2Fcomments&post=285"}],"version-history":[{"count":112,"href":"https:\/\/tripleace.at\/index.php?rest_route=\/wp\/v2\/pages\/285\/revisions"}],"predecessor-version":[{"id":1975,"href":"https:\/\/tripleace.at\/index.php?rest_route=\/wp\/v2\/pages\/285\/revisions\/1975"}],"up":[{"embeddable":true,"href":"https:\/\/tripleace.at\/index.php?rest_route=\/wp\/v2\/pages\/45"}],"wp:attachment":[{"href":"https:\/\/tripleace.at\/index.php?rest_route=%2Fwp%2Fv2%2Fmedia&parent=285"}],"curies":[{"name":"wp","href":"https:\/\/api.w.org\/{rel}","templated":true}]}}